{"id":303,"date":"2020-05-20T11:40:01","date_gmt":"2020-05-20T11:40:01","guid":{"rendered":"http:\/\/www.sugofood.com\/?page_id=303"},"modified":"2022-03-30T20:10:14","modified_gmt":"2022-03-30T18:10:14","slug":"munkalehetosegek","status":"publish","type":"page","link":"https:\/\/www.sugofood.com\/en\/kapcsolat\/munkalehetosegek\/","title":{"rendered":"Munkalehet\u0151s\u00e9gek"},"content":{"rendered":"<div class=\"vc_row wpb_row vc_row-fluid wpb_animate_when_almost_visible wpb_fadeInRightBig fadeInRightBig\"><div class=\"wpb_column vc_column_container vc_col-sm-12\"><div class=\"vc_column-inner\"><div class=\"wpb_wrapper\">\n\t<div class=\"wpb_tabs wpb_content_element  tab-style-one\" data-interval=\"0\">\n\t\t<div class=\"wpb_wrapper wpb_tour_tabs_wrapper ui-tabs vc_clearfix\">\n\t\t\t<h2 class=\"wpb_heading wpb_tabs_heading\">AKTU\u00c1LIS \u00c1LL\u00c1SAJ\u00c1NLATOK<\/h2><ul class=\"wpb_tabs_nav ui-tabs-nav vc_clearfix text-big\"><li><a href=\"#tab-c5a738d5-80a3-1\">\u00c9LELMISZERIPARI GY\u00c1RT\u00d3 G\u00c9PSOR KEZEL\u0150<\/a><\/li><li><a href=\"#tab-1602077363836-4-1\">TARGONC\u00c1S<\/a><\/li><li><a href=\"#tab-1632854409114-2-0\">BETAN\u00cdTOTT MUNK\u00c1S<\/a><\/li><li><a href=\"#tab-1648494799001-3-1\">PLC Technikus<\/a><\/li><li><a href=\"#tab-1648495147235-4-5\">G\u00e9pkezel\u0151<\/a><\/li><\/ul>\n\t<div id=\"tab-c5a738d5-80a3-1\" class=\"wpb_tab ui-tabs-panel wpb_ui-tabs-hide vc_clearfix\">\n\t\t\n\t<div class=\"wpb_text_column wpb_content_element\" >\n\t\t<div class=\"wpb_wrapper\">\n\t\t\t<p>A belga tulajdonosi h\u00e1tt\u00e9rrel rendelkez\u0151\u00a0SUGO FOOD Kft.\u00a0Magyarorsz\u00e1g egyik vezet\u0151,<br \/>\ngyorsfagyasztott z\u00f6lds\u00e9gek \u00e9s tortilla chips el\u0151\u00e1ll\u00edt\u00e1s\u00e1val \u00e9s \u00e9rt\u00e9kes\u00edt\u00e9s\u00e9vel foglalkoz\u00f3 v\u00e1llalkoz\u00e1sa.<\/p>\n<p>A magas min\u0151s\u00e9gi k\u00f6vetelm\u00e9nyek alapj\u00e1n gy\u00e1rtott \u00a0term\u00e9keinket vil\u00e1gszerte<br \/>\n\u00e9rt\u00e9kes\u00edtj\u00fck, piacvezet\u0151 \u00fcgyfeleink sz\u00e1m\u00e1ra, meghat\u00e1roz\u00f3 szerepet bet\u00f6ltve ezzel az FMCG piacon.<\/p>\n<p>\u00d6sszetart\u00f3, csal\u00e1dias l\u00e9gk\u00f6r\u0171 csapatunkba v\u00e1rjuk teljes munkaid\u0151s, \u00faj munkat\u00e1rsunk jelentkez\u00e9s\u00e9t.<\/p>\n<h1 style=\"text-align: center;\"><strong>\u00c9LELMISZERIPARI GY\u00c1RT\u00d3 G\u00c9PSOR KEZEL\u0150<\/strong><\/h1>\n<p>munkak\u00f6rbe<\/p>\n<p><strong>\u00a0<\/strong><strong>Els\u0151dleges feladatok:<\/strong><strong>\u00a0<\/strong><\/p>\n<ul>\n<li>G\u00e9pek be\u00e1ll\u00edt\u00e1sa, \u00fczemeltet\u00e9se, kezel\u00e9se \u00e9s karbantart\u00e1sa,<\/li>\n<li>Aj\u00e1nl\u00e1st tesz az anyag-, alkatr\u00e9sz-, m\u0171szer-, \u00e9s egy\u00e9b eszk\u00f6zig\u00e9ny meghat\u00e1roz\u00e1s\u00e1ban,<\/li>\n<li>Elv\u00e9gzi a sz\u00fcks\u00e9ges ellen\u0151rz\u00e9st, ellen\u0151rzi a g\u00e9p, berendez\u00e9s megfelel\u0151 m\u0171k\u00f6d\u00e9s\u00e9t,<\/li>\n<li>Elv\u00e9gzi a sz\u00fcks\u00e9ges takar\u00edt\u00e1si feladatokat<\/li>\n<\/ul>\n<p><strong>Elv\u00e1r\u00e1saink:<\/strong><\/p>\n<ul>\n<li>M\u0171szaki v\u00e9gzetts\u00e9g (g\u00e9p\u00e9sz, lakatos, villanyszerel\u0151, elektrom\u0171szer\u00e9sz\u2026<\/li>\n<li>H\u00e1romm\u0171szakos munkarend v\u00e1llal\u00e1sa<\/li>\n<li>Terhelhet\u0151s\u00e9g<\/li>\n<li>Precizit\u00e1s<\/li>\n<li>Sz\u00e1m\u00edt\u00f3g\u00e9pes ismeretek<\/li>\n<\/ul>\n<p><strong>El\u0151ny, ha van:<\/strong><\/p>\n<ul>\n<li>T\u00f6bb \u00e9ves szakmai, \u00e9lelmiszeripari tapasztalat<\/li>\n<li>Ipari vez\u00e9rl\u00e9sek sz\u00e9lesk\u00f6r\u0171 ismerete<\/li>\n<li>T\u0171zv\u00e9delmi szakvizsga<\/li>\n<li>Targonca jogos\u00edtv\u00e1ny<\/li>\n<\/ul>\n<p><strong>Ami v\u00e1r R\u00e1d:<\/strong><\/p>\n<ul>\n<li>Versenyk\u00e9pes j\u00f6vedelem<\/li>\n<li>Hossz\u00fat\u00e1v\u00fa munkalehet\u0151s\u00e9g<\/li>\n<li>Cafet\u00e9ria juttat\u00e1s<\/li>\n<li>Utaz\u00e1si t\u00e9r\u00edt\u00e9s<\/li>\n<li>Stabil munkahely<\/li>\n<\/ul>\n<p>Ha a fentiek felkeltett\u00e9k \u00e9rdekl\u0151d\u00e9sed k\u00e9rj\u00fck, hogy szakmai \u00f6n\u00e9letrajzod b\u00e9rig\u00e9nyed megjel\u00f6l\u00e9s\u00e9vel, az <a href=\"mailto:allas@sugofood.com\">allas@sugofood.com<\/a> e-mailc\u00edmre k\u00fcldd el.<\/p>\n\n\t\t<\/div>\n\t<\/div>\n\n\t<\/div>\n\n\t<div id=\"tab-1602077363836-4-1\" class=\"wpb_tab ui-tabs-panel wpb_ui-tabs-hide vc_clearfix\">\n\t\t\n\t<div class=\"wpb_text_column wpb_content_element\" >\n\t\t<div class=\"wpb_wrapper\">\n\t\t\t<p>A belga tulajdonosi h\u00e1tt\u00e9rrel rendelkez\u0151\u00a0SUGO FOOD Kft.\u00a0Magyarorsz\u00e1g egyik vezet\u0151,<br \/>\ngyorsfagyasztott z\u00f6lds\u00e9gek \u00e9s tortilla chips el\u0151\u00e1ll\u00edt\u00e1s\u00e1val \u00e9s \u00e9rt\u00e9kes\u00edt\u00e9s\u00e9vel foglalkoz\u00f3 v\u00e1llalkoz\u00e1sa.<\/p>\n<p>A magas min\u0151s\u00e9gi k\u00f6vetelm\u00e9nyek alapj\u00e1n gy\u00e1rtott \u00a0term\u00e9keinket vil\u00e1gszerte<br \/>\n\u00e9rt\u00e9kes\u00edtj\u00fck, piacvezet\u0151 \u00fcgyfeleink sz\u00e1m\u00e1ra, meghat\u00e1roz\u00f3 szerepet bet\u00f6ltve ezzel az FMCG piacon.<\/p>\n<p>\u00d6sszetart\u00f3, csal\u00e1dias l\u00e9gk\u00f6r\u0171 csapatunkba v\u00e1rjuk teljes munkaid\u0151s, \u00faj munkat\u00e1rsunk jelentkez\u00e9s\u00e9t.<\/p>\n<h1 style=\"text-align: center;\"><b>TARGONC\u00c1S<\/b><\/h1>\n<p>munkak\u00f6rbe<\/p>\n<p><strong>Feladataid: <\/strong><\/p>\n<ul>\n<li>Bet\u00e1rol\u00e1shoz \u00e9s kit\u00e1rol\u00e1shoz kapcsol\u00f3d\u00f3 k\u00e9zi \u00e9s g\u00e9pi anyagmozgat\u00e1si feladatok ell\u00e1t\u00e1sa,<\/li>\n<li>Raklapok f\u00f3li\u00e1z\u00e1sa \u00e9s raklap\u00e9p\u00edt\u00e9s<\/li>\n<li>A szkennerek\/k\u00e9zi adatr\u00f6gz\u00edt\u0151 berendez\u00e9sek kezel\u00e9se.<\/li>\n<li>R\u00e9szv\u00e9tel a lelt\u00e1roz\u00e1si feladatokban<\/li>\n<li>Rakt\u00e1ri \u00e1ruk felel\u0151s kezel\u00e9se<\/li>\n<li>Alapvet\u0151 rakt\u00e1ri feladatok ell\u00e1t\u00e1sa<\/li>\n<li>Munkav\u00e9delmi szab\u00e1lyok betart\u00e1sa<\/li>\n<li>\u00c1ruk sz\u00e1ll\u00edt\u00e1sa a rakt\u00e1ri rend \u00e9s tisztas\u00e1g fenntart\u00e1sa mellett<\/li>\n<li>Egy\u00e9b, a m\u0171szakvezet\u0151t\u0151l kapott utas\u00edt\u00e1s, rakt\u00e1ri feladatok v\u00e9grehajt\u00e1sa<\/li>\n<\/ul>\n<p><strong>Elv\u00e1r\u00e1saink: <\/strong><\/p>\n<ul>\n<li>\u00c9rv\u00e9nyes targoncavezet\u0151i jogos\u00edtv\u00e1ny (vezet\u0151\u00fcl\u00e9ses targonca 3324)<\/li>\n<li>prec\u00edz \u00e9s pontos munkav\u00e9gz\u00e9s<\/li>\n<li>egy\u00fcttm\u0171k\u00f6d\u00e9sre \u00e9s csapatmunk\u00e1ra val\u00f3 k\u00e9szs\u00e9g<\/li>\n<li>3 m\u0171szak v\u00e1llal\u00e1sa<\/li>\n<\/ul>\n<p><strong>El\u0151ny, ha van: <\/strong><\/p>\n<ul>\n<li>K\u00f6z\u00e9pfok\u00fa v\u00e9gzetts\u00e9g<\/li>\n<li>K\u00e9szletkezel\u0151 rendszerben szerzett ismeret<\/li>\n<li>Targonca vezet\u0151i tapasztalat<\/li>\n<li>Targoncavezet\u0151i jogos\u00edtv\u00e1ny gyalogk\u00eds\u00e9ret\u0171 targonca 3312<\/li>\n<li>Gy\u00e1rt\u00f3 \u00fczemben szerzett tapasztalat<\/li>\n<\/ul>\n<p><strong>Ami v\u00e1r R\u00e1d:<\/strong><\/p>\n<ul>\n<li>versenyk\u00e9pes j\u00f6vedelem<\/li>\n<li>hossz\u00fat\u00e1v\u00fa, biztos munkahely<\/li>\n<li>cafet\u00e9ria juttat\u00e1s<\/li>\n<li>bej\u00e1r\u00e1s t\u00e1mogat\u00e1s<\/li>\n<\/ul>\n<p>Ha a fentiek felkeltett\u00e9k \u00e9rdekl\u0151d\u00e9sed k\u00e9rj\u00fck, hogy szakmai \u00f6n\u00e9letrajzod b\u00e9rig\u00e9nyed megjel\u00f6l\u00e9s\u00e9vel, az <a href=\"mailto:allas@sugofood.com\">allas@sugofood.com<\/a> e-mailc\u00edmre k\u00fcldd el.<\/p>\n\n\t\t<\/div>\n\t<\/div>\n\n\t<\/div>\n\n\t<div id=\"tab-1632854409114-2-0\" class=\"wpb_tab ui-tabs-panel wpb_ui-tabs-hide vc_clearfix\">\n\t\t\n\t<div class=\"wpb_text_column wpb_content_element\" >\n\t\t<div class=\"wpb_wrapper\">\n\t\t\t<p>A belga tulajdonosi h\u00e1tt\u00e9rrel rendelkez\u0151\u00a0SUGO FOOD Kft.\u00a0Magyarorsz\u00e1g egyik vezet\u0151,<br \/>\ngyorsfagyasztott z\u00f6lds\u00e9gek \u00e9s tortilla chips el\u0151\u00e1ll\u00edt\u00e1s\u00e1val \u00e9s \u00e9rt\u00e9kes\u00edt\u00e9s\u00e9vel foglalkoz\u00f3 v\u00e1llalkoz\u00e1sa.<\/p>\n<p>A magas min\u0151s\u00e9gi k\u00f6vetelm\u00e9nyek alapj\u00e1n gy\u00e1rtott \u00a0term\u00e9keinket vil\u00e1gszerte<br \/>\n\u00e9rt\u00e9kes\u00edtj\u00fck, piacvezet\u0151 \u00fcgyfeleink sz\u00e1m\u00e1ra, meghat\u00e1roz\u00f3 szerepet bet\u00f6ltve ezzel az FMCG piacon.<\/p>\n<p>\u00d6sszetart\u00f3, csal\u00e1dias l\u00e9gk\u00f6r\u0171 csapatunkba v\u00e1rjuk teljes munkaid\u0151s, \u00faj munkat\u00e1rsunk jelentkez\u00e9s\u00e9t.<\/p>\n<p><strong>Feladatok:<\/strong><\/p>\n<ul>\n<li>csomagol\u00e1s eset\u00e9n besz\u00e1mol\u00e1s, kartonoz\u00e1s, f\u00f3li\u00e1z\u00e1s, cimk\u00e9z\u00e9s<\/li>\n<li>idegenanyag, s\u00e9r\u00fclt term\u00e9k elt\u00e1vol\u00edt\u00e1sa<\/li>\n<li>\u00a0g\u00e9pek, munkak\u00f6rnyezet takar\u00edt\u00e1sa<\/li>\n<li>\u00a0kever\u00e9sn\u00e9l g\u00e9pkezel\u00e9s, adagol\u00e1s, zs\u00e1kol\u00e1s<\/li>\n<li>egy\u00e9b betan\u00edtott munka stb.<\/li>\n<\/ul>\n<p><strong>Elv\u00e1r\u00e1sok:<\/strong><\/p>\n<ul>\n<li>minimum 8 \u00e1ltal\u00e1nos iskolai v\u00e9gzetts\u00e9g<\/li>\n<li>t\u00f6bb m\u0171szakos munkarend v\u00e1llal\u00e1sa<\/li>\n<li>precizit\u00e1s, megb\u00edzhat\u00f3s\u00e1g<\/li>\n<\/ul>\n<p><strong>Amit k\u00edn\u00e1lunk:<\/strong><\/p>\n<ul>\n<li>Stabil munkahely<\/li>\n<li>Nyitott, dinamikus szeml\u00e9let\u0171 csapat<\/li>\n<li>Karrierlehet\u0151s\u00e9g<\/li>\n<li>B\u00e9ren k\u00edv\u00fcli juttat\u00e1s<\/li>\n<li>Munkaruh\u00e1zat<\/li>\n<\/ul>\n<p>Ha a fentiek felkeltett\u00e9k \u00e9rdekl\u0151d\u00e9sed k\u00e9rj\u00fck, hogy szakmai \u00f6n\u00e9letrajzod b\u00e9rig\u00e9nyed megjel\u00f6l\u00e9s\u00e9vel, az <a href=\"mailto:allas@sugofood.com\">allas@sugofood.com<\/a> e-mailc\u00edmre k\u00fcldd el.<\/p>\n\n\t\t<\/div>\n\t<\/div>\n\n\t<\/div>\n\n\t<div id=\"tab-1648494799001-3-1\" class=\"wpb_tab ui-tabs-panel wpb_ui-tabs-hide vc_clearfix\">\n\t\t\n\t<div class=\"wpb_text_column wpb_content_element\" >\n\t\t<div class=\"wpb_wrapper\">\n\t\t\t<p>A belga tulajdonosi h\u00e1tt\u00e9rrel rendelkez\u0151\u00a0SUGO FOOD Kft.\u00a0Magyarorsz\u00e1g egyik vezet\u0151,<br \/>\ngyorsfagyasztott z\u00f6lds\u00e9gek \u00e9s tortilla chips el\u0151\u00e1ll\u00edt\u00e1s\u00e1val \u00e9s \u00e9rt\u00e9kes\u00edt\u00e9s\u00e9vel foglalkoz\u00f3 v\u00e1llalkoz\u00e1sa.<\/p>\n<p>A magas min\u0151s\u00e9gi k\u00f6vetelm\u00e9nyek alapj\u00e1n gy\u00e1rtott \u00a0term\u00e9keinket vil\u00e1gszerte<br \/>\n\u00e9rt\u00e9kes\u00edtj\u00fck, piacvezet\u0151 \u00fcgyfeleink sz\u00e1m\u00e1ra, meghat\u00e1roz\u00f3 szerepet bet\u00f6ltve ezzel az FMCG piacon.<\/p>\n<p>\u00d6sszetart\u00f3, csal\u00e1dias l\u00e9gk\u00f6r\u0171 csapatunkba v\u00e1rjuk teljes munkaid\u0151s, \u00faj munkat\u00e1rsunk jelentkez\u00e9s\u00e9t.<\/p>\n<h3 style=\"text-align: center;\"><strong>PLC technikus<\/strong><\/h3>\n<p style=\"text-align: left;\">munkak\u00f6rbe<\/p>\n<p><strong>Els\u0151dleges feladatok:<\/strong><\/p>\n<ul>\n<li>G\u00e9pek berendez\u00e9sek PLC programoz\u00e1sa<\/li>\n<li>\u00a0\u00d6n\u00e1ll\u00f3 \u00a0hibafelt\u00e1r\u00e1s \u00e9s probl\u00e9ma megold\u00e1s<\/li>\n<li>G\u00e9pek , berendez\u00e9sek vez\u00e9rl\u00e9s\u00e9nek karbantart\u00e1sa<\/li>\n<li>\u00c1raj\u00e1nlatok bek\u00e9r\u00e9se, javaslatok kidolgoz\u00e1sa, telep\u00edt\u00e9sben, beszab\u00e1lyoz\u00e1sokban akt\u00edv r\u00e9szv\u00e9tel<\/li>\n<\/ul>\n<p><strong>Elv\u00e1r\u00e1saink:<\/strong><\/p>\n<ul>\n<li>\u00a0Ir\u00e1ny\u00edt\u00e1stechnikai, gyenge\u00e1ram\u00fa rendszerek ir\u00e1ny\u00edt\u00e1s\u00e1ban j\u00e1rtass\u00e1g<\/li>\n<li>PLC programoz\u00e1si ismeretek<\/li>\n<li>Prec\u00edz, agilis, tapasztalt, pozit\u00edv szeml\u00e9let\u0171 \u2013 hogyan igen attit\u0171d\u2026.<\/li>\n<li>Stresszt\u0171r\u0151 , csapatj\u00e1t\u00e9kos<\/li>\n<li>Rendszerszeml\u00e9let<\/li>\n<li>Angol nyelv ismerete<\/li>\n<li>Folyamatir\u00e1ny\u00edt\u00e1s<\/li>\n<\/ul>\n<p>&nbsp;<\/p>\n<p><strong>Ami v\u00e1r R\u00e1d:<\/strong><\/p>\n<ul>\n<li>Versenyk\u00e9pes j\u00f6vedelem<\/li>\n<li>Hossz\u00fat\u00e1v\u00fa munkalehet\u0151s\u00e9g<\/li>\n<li>Cafet\u00e9ria juttat\u00e1s<\/li>\n<li>Stabil munkahely<\/li>\n<\/ul>\n<p>Ha a fentiek felkeltett\u00e9k \u00e9rdekl\u0151d\u00e9sed k\u00e9rj\u00fck, hogy szakmai \u00f6n\u00e9letrajzod az allas@sugofood.com e- mailc\u00edmre k\u00fcldd el.<\/p>\n\n\t\t<\/div>\n\t<\/div>\n\n\t<\/div>\n\n\t<div id=\"tab-1648495147235-4-5\" class=\"wpb_tab ui-tabs-panel wpb_ui-tabs-hide vc_clearfix\">\n\t\t\n\t<div class=\"wpb_text_column wpb_content_element\" >\n\t\t<div class=\"wpb_wrapper\">\n\t\t\t<p>A belga tulajdonosi h\u00e1tt\u00e9rrel rendelkez\u0151\u00a0SUGO FOOD Kft.\u00a0Magyarorsz\u00e1g egyik vezet\u0151,<br \/>\ngyorsfagyasztott z\u00f6lds\u00e9gek \u00e9s tortilla chips el\u0151\u00e1ll\u00edt\u00e1s\u00e1val \u00e9s \u00e9rt\u00e9kes\u00edt\u00e9s\u00e9vel foglalkoz\u00f3 v\u00e1llalkoz\u00e1sa.<\/p>\n<p>A magas min\u0151s\u00e9gi k\u00f6vetelm\u00e9nyek alapj\u00e1n gy\u00e1rtott \u00a0term\u00e9keinket vil\u00e1gszerte<br \/>\n\u00e9rt\u00e9kes\u00edtj\u00fck, piacvezet\u0151 \u00fcgyfeleink sz\u00e1m\u00e1ra, meghat\u00e1roz\u00f3 szerepet bet\u00f6ltve ezzel az FMCG piacon.<\/p>\n<p>\u00d6sszetart\u00f3, csal\u00e1dias l\u00e9gk\u00f6r\u0171 csapatunkba v\u00e1rjuk teljes munkaid\u0151s, \u00faj munkat\u00e1rsunk jelentkez\u00e9s\u00e9t.<\/p>\n<p>&nbsp;<\/p>\n<h3 style=\"text-align: center;\"><strong>G\u00e9pkezel\u0151<\/strong><\/h3>\n<p>munkak\u00f6rbe<br \/>\n<strong>Els\u0151dleges feladatok:<\/strong><\/p>\n<ul>\n<li>G\u00e9pek be\u00e1ll\u00edt\u00e1sa, \u00fczemeltet\u00e9se, kezel\u00e9se \u00e9s karbantart\u00e1sa,<\/li>\n<li>Elv\u00e9gzi a sz\u00fcks\u00e9ges ellen\u0151rz\u00e9st, ellen\u0151rzi a g\u00e9p, berendez\u00e9s megfelel\u0151 m\u0171k\u00f6d\u00e9s\u00e9t,<\/li>\n<li>Elv\u00e9gzi a sz\u00fcks\u00e9ges takar\u00edt\u00e1si feladatokat<\/li>\n<\/ul>\n<p><strong>Elv\u00e1r\u00e1saink:<\/strong><\/p>\n<ul>\n<li>K\u00f6z\u00e9pfok\u00fa v\u00e9gzetts\u00e9g<\/li>\n<li>H\u00e1romm\u0171szakos munkarend v\u00e1llal\u00e1sa<\/li>\n<li>Terhelhet\u0151s\u00e9g<\/li>\n<li>Precizit\u00e1s<\/li>\n<li>Sz\u00e1m\u00edt\u00f3g\u00e9pes ismeretek<\/li>\n<\/ul>\n<p><strong>El\u0151ny, ha van:<\/strong><\/p>\n<ul>\n<li>Szakmai, \u00e9lelmiszeripari tapasztalat<\/li>\n<li>Ipari vez\u00e9rl\u00e9sek sz\u00e9lesk\u00f6r\u0171 ismerete<\/li>\n<li>M\u0171szaki v\u00e9gzetts\u00e9g (g\u00e9p\u00e9sz, lakatos, villanyszerel\u0151\u2026)<\/li>\n<\/ul>\n<p><strong>Ami v\u00e1r R\u00e1d:<\/strong><\/p>\n<ul>\n<li>Versenyk\u00e9pes j\u00f6vedelem<\/li>\n<li>Hossz\u00fat\u00e1v\u00fa munkalehet\u0151s\u00e9g<\/li>\n<li>Cafet\u00e9ria juttat\u00e1s<\/li>\n<li>Utaz\u00e1si t\u00e9r\u00edt\u00e9s<\/li>\n<li>Stabil munkahely<\/li>\n<\/ul>\n<p>Ha a fentiek felkeltett\u00e9k \u00e9rdekl\u0151d\u00e9sed k\u00e9rj\u00fck, hogy szakmai \u00f6n\u00e9letrajzod az allas@sugofood.com e-mailc\u00edmre k\u00fcldd el.<\/p>\n\n\t\t<\/div>\n\t<\/div>\n\n\t<\/div>\n\n\t\t<\/div>\n\t<\/div>\n<\/div><\/div><\/div><\/div>","protected":false},"excerpt":{"rendered":"<p>AKTU\u00c1LIS \u00c1LL\u00c1SAJ\u00c1NLATOK\u00c9LELMISZERIPARI GY\u00c1RT\u00d3 G\u00c9PSOR KEZEL\u0150TARGONC\u00c1SBETAN\u00cdTOTT MUNK\u00c1SPLC TechnikusG\u00e9pkezel\u0151 A belga tulajdonosi h\u00e1tt\u00e9rrel rendelkez\u0151\u00a0SUGO FOOD Kft.\u00a0Magyarorsz\u00e1g egyik vezet\u0151, gyorsfagyasztott z\u00f6lds\u00e9gek \u00e9s tortilla chips el\u0151\u00e1ll\u00edt\u00e1s\u00e1val \u00e9s \u00e9rt\u00e9kes\u00edt\u00e9s\u00e9vel foglalkoz\u00f3 v\u00e1llalkoz\u00e1sa. A magas min\u0151s\u00e9gi k\u00f6vetelm\u00e9nyek alapj\u00e1n gy\u00e1rtott \u00a0term\u00e9keinket vil\u00e1gszerte \u00e9rt\u00e9kes\u00edtj\u00fck, piacvezet\u0151 \u00fcgyfeleink sz\u00e1m\u00e1ra, meghat\u00e1roz\u00f3 szerepet bet\u00f6ltve ezzel az FMCG piacon. \u00d6sszetart\u00f3, csal\u00e1dias l\u00e9gk\u00f6r\u0171 csapatunkba v\u00e1rjuk teljes munkaid\u0151s, \u00faj munkat\u00e1rsunk jelentkez\u00e9s\u00e9t.&hellip;<\/p>","protected":false},"author":1,"featured_media":0,"parent":36,"menu_order":0,"comment_status":"closed","ping_status":"closed","template":"","meta":[],"_links":{"self":[{"href":"https:\/\/www.sugofood.com\/en\/wp-json\/wp\/v2\/pages\/303"}],"collection":[{"href":"https:\/\/www.sugofood.com\/en\/wp-json\/wp\/v2\/pages"}],"about":[{"href":"https:\/\/www.sugofood.com\/en\/wp-json\/wp\/v2\/types\/page"}],"author":[{"embeddable":true,"href":"https:\/\/www.sugofood.com\/en\/wp-json\/wp\/v2\/users\/1"}],"replies":[{"embeddable":true,"href":"https:\/\/www.sugofood.com\/en\/wp-json\/wp\/v2\/comments?post=303"}],"version-history":[{"count":58,"href":"https:\/\/www.sugofood.com\/en\/wp-json\/wp\/v2\/pages\/303\/revisions"}],"predecessor-version":[{"id":3614,"href":"https:\/\/www.sugofood.com\/en\/wp-json\/wp\/v2\/pages\/303\/revisions\/3614"}],"up":[{"embeddable":true,"href":"https:\/\/www.sugofood.com\/en\/wp-json\/wp\/v2\/pages\/36"}],"wp:attachment":[{"href":"https:\/\/www.sugofood.com\/en\/wp-json\/wp\/v2\/media?parent=303"}],"curies":[{"name":"wp","href":"https:\/\/api.w.org\/{rel}","templated":true}]}}